{"id":80,"date":"2021-02-15T12:43:12","date_gmt":"2021-02-15T12:43:12","guid":{"rendered":"http:\/\/www.januvdvur.cz\/?page_id=80"},"modified":"2021-05-18T19:54:32","modified_gmt":"2021-05-18T19:54:32","slug":"cenik-penzion","status":"publish","type":"page","link":"https:\/\/www.januvdvur.cz\/index.php\/penzion\/cenik-penzion\/","title":{"rendered":"Objedn\u00e1vka pobytu a platebn\u00ed podm\u00ednky"},"content":{"rendered":"\n<h3 class=\"wp-block-heading\">Objedn\u00e1vka pobytu<\/h3>\n\n\n\n<p>Zda je V\u00e1\u0161 term\u00edn voln\u00fd orienta\u010dn\u011b zjist\u00edte v\u00a0<strong><a href=\"https:\/\/www.januvdvur.cz\/index.php\/penzion\/kalendar-obsazenosti\/\" data-type=\"page\" data-id=\"182\">kalend\u00e1\u0159i obsazenosti<\/a><\/strong><br>Pobyty si pros\u00edm objedn\u00e1vejte na\u00a0e-mailov\u00e9 adrese\u00a0<strong>recepce@januvdvur.cz<\/strong><\/p>\n\n\n\n<p>Po e-mailov\u00e9 objedn\u00e1vce u\u010din\u00edme p\u0159edb\u011b\u017enou <strong>rezervaci<\/strong>. Pozd\u011bji V\u00e1m za\u0161leme\u00a0kr\u00e1tk\u00fd\u00a0<strong>dotazn\u00edk<\/strong>, kam vypln\u00edte \u00fadaje pro <strong>fakturaci z\u00e1lohy<\/strong> a kter\u00fd n\u00e1m umo\u017en\u00ed se l\u00e9pe p\u0159ipravit na V\u00e1\u0161 pobyt. Po\u00a0obdr\u017een\u00ed vypln\u011bn\u00e9ho dotazn\u00edku pak vystav\u00edme\u00a0pokyn pro platbu z\u00e1lohy, kter\u00fd V\u00e1m po\u0161leme mailem. Z\u00e1loha na pobyt \u010din\u00ed 50% ceny pobytu za l\u016f\u017eka a p\u0159ist\u00fdlky. Polo\u017eky jako sn\u00eddan\u011b, auto, poplatky obci \u010di mal\u00e9 d\u011bti bez n\u00e1roku na l\u016f\u017eka se do z\u00e1lohy neprom\u00edtaj\u00ed, tyto platby se zohled\u0148uj\u00ed a\u017e v kone\u010dn\u00e9m vy\u00fa\u010dtov\u00e1n\u00ed. Po\u00a0uhrazen\u00ed \u010d\u00e1stky\u00a0se Va\u0161e rezervace stane potvrzenou a\u00a0z\u00e1vaznou.\u00a0Pokud V\u00e1m pobyt hrad\u00ed zam\u011bstnavatel, po\u017e\u00e1dejte jej o shrnut\u00ed v\u0161ech po\u017eadavk\u016f na fakturaci a\u00a0n\u00e1s na tuto skute\u010dnost, pros\u00edm, upozorn\u011bte ji\u017e ve f\u00e1zi rezervace Va\u0161eho pobytu.<\/p>\n\n\n\n<p>Byli-li byste nuceni ru\u0161it V\u00e1\u0161 pobyt a m\u011bli ji\u017e zaplacenu z\u00e1lohu, uv\u00e1d\u00edme <strong>podm\u00ednky pro stornov\u00e1n\u00ed<\/strong>:<\/p>\n\n\n\n<p><strong> Z\u00e1loha<\/strong> bude vratn\u00e1 v cel\u00e9 v\u00fd\u0161i, pokud zru\u0161\u00edte rezervaci nejpozd\u011bji 20 dn\u00ed p\u0159ed dnem zah\u00e1jen\u00ed pobytu. V\u017edy p\u0159i vratce z\u00e1lohy, bez ohledu na jej\u00ed v\u00fd\u0161i, v\u0161ak \u00fa\u010dtujeme manipula\u010dn\u00ed poplatek 200 K\u010d. Ka\u017ed\u00fd dal\u0161\u00ed den bl\u00ed\u017ee k n\u00e1stupu pobytu bude ze z\u00e1lohy ode\u010d\u00edt\u00e1n storno poplatek, kter\u00fd bude nar\u016fstat denn\u011b o 10 % a\u017e k 10. dni p\u0159ed pobytem, kdy ji\u017e bude z\u00e1loha nevratn\u00e1. <\/p>\n\n\n\n<p>Individu\u00e1ln\u011b lze v\u0161ak vracen\u00ed z\u00e1loh i v pln\u00e9 v\u00fd\u0161i \u0159e\u0161it a\u017e v term\u00ednu pl\u00e1novan\u00e9ho ukon\u010den\u00ed pobytu (dle toho, zda a jak se n\u00e1m rezervovan\u00fd pokoj poda\u0159ilo je\u0161t\u011b obsadit, co\u017e se nez\u0159\u00eddka povede). <strong>Doplatek<\/strong>&nbsp;zbyl\u00e9 \u010d\u00e1stky za pobyt m\u016f\u017eete bu\u010f prov\u00e9st kr\u00e1tce p\u0159ed p\u0159\u00edjezdem (nebo u del\u0161\u00edch pobyt\u016f b\u011bhem pobytu) op\u011bt&nbsp;<strong>p\u0159evodem<\/strong>&nbsp;na \u00fa\u010det nebo u n\u00e1s&nbsp;<strong>v hotovosti nebo kartou.<\/strong><\/p>\n\n\n\n<div style=\"height:1px\" aria-hidden=\"true\" class=\"wp-block-spacer\"><\/div>\n\n\n\n<h3 class=\"wp-block-heading\">Zah\u00e1jen\u00ed pobytu<\/h3>\n\n\n\n<p>Pokoje jsou p\u0159ipraveny pro nov\u00e9 hosty odpoledne cca <strong>od 16:00<\/strong> a opou\u0161t\u011bj\u00ed se dopoledne do <strong>10:00<\/strong> (po\u00a0dohod\u011b, pokud okolnosti p\u0159ej\u00ed, lze \u010dasy p\u0159izp\u016fsobit). P\u0159i p\u0159\u00edjezdu se p\u0159ihl\u00e1s\u00edte v recepci, ubytujeme V\u00e1s, domluv\u00edme v\u0161e pot\u0159ebn\u00e9, porad\u00edme s v\u00fdlety a pak hur\u00e1 u\u017e\u00edvat si pobytu!<\/p>\n","protected":false},"excerpt":{"rendered":"<p>Objedn\u00e1vka pobytu Zda je V\u00e1\u0161 term\u00edn voln\u00fd orienta\u010dn\u011b zjist\u00edte v\u00a0kalend\u00e1\u0159i obsazenostiPobyty si pros\u00edm objedn\u00e1vejte na\u00a0e-mailov\u00e9 adrese\u00a0recepce@januvdvur.cz Po e-mailov\u00e9 objedn\u00e1vce u\u010din\u00edme p\u0159edb\u011b\u017enou rezervaci. Pozd\u011bji V\u00e1m za\u0161leme\u00a0kr\u00e1tk\u00fd\u00a0dotazn\u00edk, kam vypln\u00edte \u00fadaje pro fakturaci z\u00e1lohy a kter\u00fd n\u00e1m umo\u017en\u00ed se l\u00e9pe p\u0159ipravit na V\u00e1\u0161 pobyt. Po\u00a0obdr\u017een\u00ed vypln\u011bn\u00e9ho dotazn\u00edku pak vystav\u00edme\u00a0pokyn pro platbu z\u00e1lohy, kter\u00fd V\u00e1m po\u0161leme mailem. Z\u00e1loha na &hellip; <\/p>\n<p class=\"link-more\"><a href=\"https:\/\/www.januvdvur.cz\/index.php\/penzion\/cenik-penzion\/\" class=\"more-link\">Read the full post &rarr;<span class=\"screen-reader-text\">&#8222;Objedn\u00e1vka pobytu a platebn\u00ed podm\u00ednky&#8220;<\/span><\/a><\/p>\n","protected":false},"author":1,"featured_media":0,"parent":22,"menu_order":0,"comment_status":"closed","ping_status":"closed","template":"","meta":{"footnotes":""},"class_list":["post-80","page","type-page","status-publish","hentry"],"_links":{"self":[{"href":"https:\/\/www.januvdvur.cz\/index.php\/wp-json\/wp\/v2\/pages\/80","targetHints":{"allow":["GET"]}}],"collection":[{"href":"https:\/\/www.januvdvur.cz\/index.php\/wp-json\/wp\/v2\/pages"}],"about":[{"href":"https:\/\/www.januvdvur.cz\/index.php\/wp-json\/wp\/v2\/types\/page"}],"author":[{"embeddable":true,"href":"https:\/\/www.januvdvur.cz\/index.php\/wp-json\/wp\/v2\/users\/1"}],"replies":[{"embeddable":true,"href":"https:\/\/www.januvdvur.cz\/index.php\/wp-json\/wp\/v2\/comments?post=80"}],"version-history":[{"count":15,"href":"https:\/\/www.januvdvur.cz\/index.php\/wp-json\/wp\/v2\/pages\/80\/revisions"}],"predecessor-version":[{"id":1039,"href":"https:\/\/www.januvdvur.cz\/index.php\/wp-json\/wp\/v2\/pages\/80\/revisions\/1039"}],"up":[{"embeddable":true,"href":"https:\/\/www.januvdvur.cz\/index.php\/wp-json\/wp\/v2\/pages\/22"}],"wp:attachment":[{"href":"https:\/\/www.januvdvur.cz\/index.php\/wp-json\/wp\/v2\/media?parent=80"}],"curies":[{"name":"wp","href":"https:\/\/api.w.org\/{rel}","templated":true}]}}