{"id":28,"date":"2021-02-15T08:29:45","date_gmt":"2021-02-15T08:29:45","guid":{"rendered":"http:\/\/www.januvdvur.cz\/?page_id=28"},"modified":"2026-04-21T23:40:39","modified_gmt":"2026-04-21T23:40:39","slug":"kemp","status":"publish","type":"page","link":"https:\/\/www.januvdvur.cz\/index.php\/kemp\/","title":{"rendered":"KEMP"},"content":{"rendered":"\n<p>V ovocn\u00e9m sadu navazuj\u00edc\u00edm na statek m\u016f\u017eete tak\u00e9 <strong>stanovat<\/strong>. Nejde o autokemp, proto auta parkuj\u00ed mimo prostor pro&nbsp;stanov\u00e1n\u00ed. Pro&nbsp;p\u0159edstavu \u2013  jde o mal\u00fd kemp, plocha \u010din\u00ed necel\u00fdch 3000 m<sup>2<\/sup> a maxim\u00e1ln\u00ed kapacita je cca&nbsp;<strong>35&nbsp;stan\u016f a&nbsp;5&nbsp;karavan\u016f<\/strong>. Kemp m\u00e1 d\u016fmysln\u00e9 <strong>z\u00e1zem\u00ed<\/strong> citliv\u011b um\u00edst\u011bn\u00e9 v podob\u011b d\u0159evostavby do p\u016fvodn\u00ed <strong>stodoly<\/strong>. K dispozici v\u00e1m jsou <strong>soci\u00e1ln\u00ed za\u0159\u00edzen\u00ed<\/strong>, <strong>kuchy\u0148ka<\/strong> se z\u00e1kladn\u00edm vybaven\u00edm a&nbsp;p\u0159il\u00e9haj\u00edc\u00ed kryt\u00e9 posezen\u00ed, praktick\u00e9 uzamykateln\u00e9 schr\u00e1nky na&nbsp;<strong>dob\u00edjen\u00ed<\/strong> r\u016fzn\u00fdch komunika\u010dn\u00edch za\u0159\u00edzen\u00ed, <strong>v\u00fdlevka na chemick\u00e1 WC<\/strong>, <strong>t\u0159\u00edd\u011bn\u00fd odpad<\/strong> i&nbsp;<strong>kol\u00e1rny<\/strong>.&nbsp;<\/p>\n\n\n\n<p>N\u00e1\u0161 kemp je vyhled\u00e1v\u00e1n p\u0159\u00edznivci klidu a ticha. R\u00e1no v\u00e1s mo\u017en\u00e1 probud\u00ed to, co ve m\u011bst\u011b nezn\u00e1te \u2013 zvon\u011bn\u00ed zvon\u016f kostela (v&nbsp;6&nbsp;hodin), zame\u010den\u00ed kozy, v\u00edt\u00e1n\u00ed r\u00e1na kohoutem. A nebo budete sp\u00e1t jako dudci po p\u0159edchoz\u00edm ve\u010deru ve&nbsp;skl\u00edpku a&nbsp;dobr\u00e9 ve\u010de\u0159i v&nbsp;na\u0161\u00ed hosp\u016fdce nebo jen tak unaveni \u010dist\u00fdm vzduchem. Nicm\u00e9n\u011b&nbsp; vzhledem k&nbsp;na\u0161\u00ed poloze uprost\u0159ed obce jsme, z&nbsp;hlediska ohleduplnosti a respektov\u00e1n\u00ed pr\u00e1va soused\u016f na klidn\u00fd \u017eivot, zav\u00e1z\u00e1ni k <strong>dodr\u017eov\u00e1n\u00ed no\u010dn\u00edho klidu<\/strong>, kter\u00fd z&nbsp;vyhl\u00e1\u0161ky za\u010d\u00edn\u00e1 ve <strong>22&nbsp;hodin<\/strong>. Ze&nbsp;zku\u0161enost\u00ed minul\u00fdch sez\u00f3n je z\u0159ejm\u00e9, \u017ee na Va\u0161em respektov\u00e1n\u00ed t\u00e9to skute\u010dnosti z\u00e1vis\u00ed dal\u0161\u00ed byt\u00ed na\u0161eho kempu. Divok\u00e9 &#8222;pa\u0159by&#8220;, hudebn\u00ed produkce nebo bojov\u00e9 hry, je\u017e b\u00fdvaj\u00ed s&nbsp;letn\u00ed z\u00e1bavou spojov\u00e1ny, bohu\u017eel tedy u n\u00e1s nem\u016f\u017eeme akceptovat.<\/p>\n\n\n\n<p>Ve\u00a0 dvo\u0159e je <strong>pohostinstv\u00ed<\/strong>, kde si m\u016f\u017eete d\u00e1t sn\u00eddani, ob\u011bd i ve\u010de\u0159i. Va\u0159\u00edme pokud mo\u017eno z\u00a0dom\u00e1c\u00edch a\u00a0lok\u00e1ln\u00edch surovin, velmi obl\u00edbenou z\u00e1le\u017eitost\u00ed je u n\u00e1s tak\u00e9 ob\u010dasn\u00e9 ve\u010dern\u00ed <strong>grilov\u00e1n\u00ed<\/strong>. K dispozici je v\u00e1m tak\u00e9 n\u00e1\u0161 <strong><a href=\"https:\/\/www.januvdvur.cz\/index.php\/vinny-sklipek\/\">vinn\u00fd\u00a0skl\u00edpek<\/a><\/strong> nebo <strong>ohni\u0161t\u011b<\/strong> v\u010detn\u011b d\u0159eva i\u00a0op\u00e9kac\u00edch jehel, ale i zde, jako\u017e v cel\u00e9m objektu, je t\u0159eba respektovat <strong>no\u010dn\u00ed klid<\/strong>.<\/p>\n\n\n\n<p><strong><a href=\"https:\/\/www.januvdvur.cz\/index.php\/fotogalerie\/fotogalerie-kemp\/\" data-type=\"page\" data-id=\"553\">Fotogalerie na\u0161eho kempu a jeho z\u00e1zem\u00ed<\/a><\/strong> | <strong><a href=\"https:\/\/www.januvdvur.cz\/index.php\/web-v-uprave\/kam-v-okoli-janova-dvora\/\">Kam&nbsp;v&nbsp;okol\u00ed J\u00e1\u0148ova dvora<\/a><\/strong><\/p>\n\n\n\n<div class=\"wp-block-columns is-layout-flex wp-container-core-columns-is-layout-9d6595d7 wp-block-columns-is-layout-flex\">\n<div class=\"wp-block-column is-layout-flow wp-block-column-is-layout-flow\">\n<figure class=\"wp-block-image size-large\"><img fetchpriority=\"high\" decoding=\"async\" width=\"1024\" height=\"683\" src=\"https:\/\/www.januvdvur.cz\/wp-content\/uploads\/2021\/02\/kemp-1-1024x683.jpg\" alt=\"j\u00e1\u0148\u016fv dv\u016fr kemp\" class=\"wp-image-200\" srcset=\"https:\/\/www.januvdvur.cz\/wp-content\/uploads\/2021\/02\/kemp-1-1024x683.jpg 1024w, https:\/\/www.januvdvur.cz\/wp-content\/uploads\/2021\/02\/kemp-1-300x200.jpg 300w, https:\/\/www.januvdvur.cz\/wp-content\/uploads\/2021\/02\/kemp-1-768x512.jpg 768w, https:\/\/www.januvdvur.cz\/wp-content\/uploads\/2021\/02\/kemp-1-1536x1024.jpg 1536w, https:\/\/www.januvdvur.cz\/wp-content\/uploads\/2021\/02\/kemp-1-2048x1365.jpg 2048w\" sizes=\"(max-width: 1024px) 100vw, 1024px\" \/><\/figure>\n<\/div>\n\n\n\n<div class=\"wp-block-column is-layout-flow wp-block-column-is-layout-flow\">\n<figure class=\"wp-block-image size-large\"><img decoding=\"async\" width=\"1024\" height=\"683\" src=\"https:\/\/www.januvdvur.cz\/wp-content\/uploads\/2021\/02\/kemp-2-1024x683.jpg\" alt=\"j\u00e1\u0148\u016fv dv\u016fr kemp\" class=\"wp-image-201\" srcset=\"https:\/\/www.januvdvur.cz\/wp-content\/uploads\/2021\/02\/kemp-2-1024x683.jpg 1024w, https:\/\/www.januvdvur.cz\/wp-content\/uploads\/2021\/02\/kemp-2-300x200.jpg 300w, https:\/\/www.januvdvur.cz\/wp-content\/uploads\/2021\/02\/kemp-2-768x512.jpg 768w, https:\/\/www.januvdvur.cz\/wp-content\/uploads\/2021\/02\/kemp-2-1536x1024.jpg 1536w, https:\/\/www.januvdvur.cz\/wp-content\/uploads\/2021\/02\/kemp-2.jpg 1600w\" sizes=\"(max-width: 1024px) 100vw, 1024px\" \/><\/figure>\n<\/div>\n<\/div>\n\n\n\n<h2 class=\"wp-block-heading\" id=\"cenik-kempu-a-ostatnich-sluzeb\">Cen\u00edk kempu a ostatn\u00edch slu\u017eeb<\/h2>\n\n\n\n<p>Cen\u00edk pro rok 2026, na 1 osobu a 1 noc.<br>Pro \u0161koln\u00ed i p\u0159ed\u0161koln\u00ed v\u00fdlety a organizovan\u00e9 v\u00fdpravy ve v\u0161edn\u00ed dny mimo letn\u00ed pr\u00e1zdniny poskytujeme slevy.<\/p>\n\n\n\n<div class=\"wp-block-columns is-layout-flex wp-container-core-columns-is-layout-9d6595d7 wp-block-columns-is-layout-flex\">\n<div class=\"wp-block-column is-layout-flow wp-block-column-is-layout-flow\">\n<figure class=\"wp-block-image size-large\"><img decoding=\"async\" width=\"699\" height=\"1024\" src=\"https:\/\/www.januvdvur.cz\/wp-content\/uploads\/2026\/02\/cenik-20264A-699x1024.jpg\" alt=\"\" class=\"wp-image-1625\" srcset=\"https:\/\/www.januvdvur.cz\/wp-content\/uploads\/2026\/02\/cenik-20264A-699x1024.jpg 699w, https:\/\/www.januvdvur.cz\/wp-content\/uploads\/2026\/02\/cenik-20264A-205x300.jpg 205w, https:\/\/www.januvdvur.cz\/wp-content\/uploads\/2026\/02\/cenik-20264A-768x1125.jpg 768w, https:\/\/www.januvdvur.cz\/wp-content\/uploads\/2026\/02\/cenik-20264A-1048x1536.jpg 1048w, https:\/\/www.januvdvur.cz\/wp-content\/uploads\/2026\/02\/cenik-20264A.jpg 1070w\" sizes=\"(max-width: 699px) 100vw, 699px\" \/><\/figure>\n<\/div>\n\n\n\n<div class=\"wp-block-column is-layout-flow wp-block-column-is-layout-flow\">\n<figure class=\"wp-block-image size-large\"><img loading=\"lazy\" decoding=\"async\" width=\"700\" height=\"1024\" src=\"https:\/\/www.januvdvur.cz\/wp-content\/uploads\/2026\/02\/cenik-20264B4-700x1024.jpg\" alt=\"\" class=\"wp-image-1634\" srcset=\"https:\/\/www.januvdvur.cz\/wp-content\/uploads\/2026\/02\/cenik-20264B4-700x1024.jpg 700w, https:\/\/www.januvdvur.cz\/wp-content\/uploads\/2026\/02\/cenik-20264B4-205x300.jpg 205w, https:\/\/www.januvdvur.cz\/wp-content\/uploads\/2026\/02\/cenik-20264B4-768x1124.jpg 768w, https:\/\/www.januvdvur.cz\/wp-content\/uploads\/2026\/02\/cenik-20264B4-1049x1536.jpg 1049w, https:\/\/www.januvdvur.cz\/wp-content\/uploads\/2026\/02\/cenik-20264B4.jpg 1072w\" sizes=\"(max-width: 700px) 100vw, 700px\" \/><\/figure>\n<\/div>\n<\/div>\n\n\n\n<div class=\"wp-block-columns is-layout-flex wp-container-core-columns-is-layout-9d6595d7 wp-block-columns-is-layout-flex\">\n<div class=\"wp-block-column is-layout-flow wp-block-column-is-layout-flow\">\n<p><strong>V cen\u011b ubytov\u00e1n\u00ed je zahrnuto takt\u00e9\u017e:<br><\/strong>\u2022 bezdr\u00e1tov\u00e9 p\u0159ipojen\u00ed k internetu WIFI<br>\u2022 uzamykateln\u00e9 schr\u00e1nky na nab\u00edjen\u00ed mobil\u016f, po\u010d\u00edta\u010d\u016f&nbsp;aj.<br>\u2022 dv\u011b kuchy\u0148ky se z\u00e1kladn\u00ed v\u00fdbavou a n\u00e1dob\u00edm<br>\u2022 v\u00fdlevka na chemick\u00e9 toalety<br>\u2022 likvidace odpadu<br><br><strong>Kartou<\/strong> u n\u00e1s platit <strong>lze<\/strong>.<\/p>\n<\/div>\n\n\n\n<div class=\"wp-block-column is-layout-flow wp-block-column-is-layout-flow\">\n<figure class=\"wp-block-image size-large is-resized\"><img loading=\"lazy\" decoding=\"async\" width=\"1024\" height=\"563\" src=\"https:\/\/www.januvdvur.cz\/wp-content\/uploads\/2021\/02\/dyne01-1024x563.png\" alt=\"\" class=\"wp-image-210\" style=\"width:301px;height:166px\" srcset=\"https:\/\/www.januvdvur.cz\/wp-content\/uploads\/2021\/02\/dyne01-1024x563.png 1024w, https:\/\/www.januvdvur.cz\/wp-content\/uploads\/2021\/02\/dyne01-300x165.png 300w, https:\/\/www.januvdvur.cz\/wp-content\/uploads\/2021\/02\/dyne01-768x422.png 768w, https:\/\/www.januvdvur.cz\/wp-content\/uploads\/2021\/02\/dyne01-1536x844.png 1536w, https:\/\/www.januvdvur.cz\/wp-content\/uploads\/2021\/02\/dyne01.png 2032w\" sizes=\"(max-width: 1024px) 100vw, 1024px\" \/><\/figure>\n<\/div>\n<\/div>\n\n\n\n<p>Dal\u0161\u00ed slu\u017eby: <strong><a href=\"https:\/\/www.januvdvur.cz\/index.php\/penzion\/pujcovna-kol\/\">P\u016fj\u010dovna kol<\/a><\/strong> | <strong><a href=\"https:\/\/www.januvdvur.cz\/index.php\/vinny-sklipek\/\">Vinn\u00fd&nbsp;skl\u00edpek<\/a><\/strong> | <strong><a href=\"https:\/\/www.januvdvur.cz\/index.php\/penzion\/pro-deti\/\" data-type=\"page\" data-id=\"643\">Pro&nbsp;d\u011bti<\/a><\/strong><\/p>\n\n\n\n<div style=\"height:1px\" aria-hidden=\"true\" class=\"wp-block-spacer\"><\/div>\n\n\n\n<h2 class=\"wp-block-heading\" id=\"objednavka-pobytu\"><strong>Objedn\u00e1vka pobytu<\/strong><\/h2>\n\n\n\n<p>Na pl\u00e1novan\u00fd pobyt v kempu, p\u0159ijedete-li autem, vy\u017eadujeme rezervaci formou e-mailu, last minute i po telefonu. Cyklisty&nbsp;\u010di p\u011b\u0161\u00e1ky na sv\u00e9m putov\u00e1n\u00ed p\u0159ij\u00edm\u00e1me v\u017edy, ale i od nich uv\u00edt\u00e1me ohl\u00e1\u0161en\u00ed.<\/p>\n\n\n\n<p>e-mail: <strong>recepce@januvdvur.cz<\/strong><br>telefon:<strong> +420 530 506 405<\/strong> (recepce), <strong>+420&nbsp;732&nbsp;644&nbsp;269<\/strong><\/p>\n\n\n\n<p><strong>Provozn\u00ed doba<\/strong> <strong>kempu:<\/strong> Duben a\u017e \u0159\u00edjen. V dubnu a \u0159\u00edjnu je recepce obsazena jen v p\u00e1tky, v\u00edkendy a sv\u00e1tky, pro ubytov\u00e1n\u00ed v ostatn\u00ed dny je t\u0159eba ps\u00e1t na e-mail \u010di volat p\u0159edem. Od kv\u011btna do z\u00e1\u0159\u00ed je recepce obsazena denn\u011b, i tak v\u0161ak doporu\u010dujeme a v\u00edt\u00e1me Va\u0161e ohl\u00e1\u0161en\u00ed p\u0159edem.<\/p>\n\n\n\n<div style=\"height:1px\" aria-hidden=\"true\" class=\"wp-block-spacer\"><\/div>\n\n\n\n<div style=\"height:1px\" aria-hidden=\"true\" class=\"wp-block-spacer\"><\/div>\n\n\n\n<h2 class=\"wp-block-heading\" id=\"prijezd-do-kempu\"><strong>P\u0159\u00edjezd do kempu<\/strong><\/h2>\n\n\n\n<p>Provozn\u00ed doba recepce je <strong>10:00\u201312:00<\/strong> a&nbsp;<strong>16:00\u201320:00<\/strong><br>Respektujte ji, pros\u00edme, a p\u0159ij\u00ed\u017ed\u011bjte k n\u00e1m v&nbsp;uveden\u00fd \u010das.&nbsp;<\/p>\n\n\n\n<div class=\"wp-block-columns is-layout-flex wp-container-core-columns-is-layout-9d6595d7 wp-block-columns-is-layout-flex\">\n<div class=\"wp-block-column is-layout-flow wp-block-column-is-layout-flow\">\n<figure class=\"wp-block-image size-large\"><img loading=\"lazy\" decoding=\"async\" width=\"1024\" height=\"683\" src=\"https:\/\/www.januvdvur.cz\/wp-content\/uploads\/2021\/02\/3b_kuchynka_i_s_posezenim_jpg-1024x683.jpg\" alt=\"J\u00e1\u0148\u016fv dv\u016fr kemp z\u00e1zem\u00ed\" class=\"wp-image-216\" srcset=\"https:\/\/www.januvdvur.cz\/wp-content\/uploads\/2021\/02\/3b_kuchynka_i_s_posezenim_jpg-1024x683.jpg 1024w, https:\/\/www.januvdvur.cz\/wp-content\/uploads\/2021\/02\/3b_kuchynka_i_s_posezenim_jpg-300x200.jpg 300w, https:\/\/www.januvdvur.cz\/wp-content\/uploads\/2021\/02\/3b_kuchynka_i_s_posezenim_jpg-768x512.jpg 768w, https:\/\/www.januvdvur.cz\/wp-content\/uploads\/2021\/02\/3b_kuchynka_i_s_posezenim_jpg.jpg 1200w\" sizes=\"(max-width: 1024px) 100vw, 1024px\" \/><\/figure>\n<\/div>\n\n\n\n<div class=\"wp-block-column is-layout-flow wp-block-column-is-layout-flow\">\n<figure class=\"wp-block-image size-large\"><img loading=\"lazy\" decoding=\"async\" width=\"1024\" height=\"683\" src=\"https:\/\/www.januvdvur.cz\/wp-content\/uploads\/2021\/02\/3h_damy_jpg-1024x683.jpg\" alt=\"J\u00e1\u0148\u016fv dv\u016fr kemp z\u00e1zem\u00ed\" class=\"wp-image-217\" srcset=\"https:\/\/www.januvdvur.cz\/wp-content\/uploads\/2021\/02\/3h_damy_jpg-1024x683.jpg 1024w, https:\/\/www.januvdvur.cz\/wp-content\/uploads\/2021\/02\/3h_damy_jpg-300x200.jpg 300w, https:\/\/www.januvdvur.cz\/wp-content\/uploads\/2021\/02\/3h_damy_jpg-768x512.jpg 768w, https:\/\/www.januvdvur.cz\/wp-content\/uploads\/2021\/02\/3h_damy_jpg.jpg 1200w\" sizes=\"(max-width: 1024px) 100vw, 1024px\" \/><\/figure>\n<\/div>\n<\/div>\n","protected":false},"excerpt":{"rendered":"<p>V ovocn\u00e9m sadu navazuj\u00edc\u00edm na statek m\u016f\u017eete tak\u00e9 stanovat. Nejde o autokemp, proto auta parkuj\u00ed mimo prostor pro&nbsp;stanov\u00e1n\u00ed. Pro&nbsp;p\u0159edstavu \u2013 jde o mal\u00fd kemp, plocha \u010din\u00ed necel\u00fdch 3000 m2 a maxim\u00e1ln\u00ed kapacita je cca&nbsp;35&nbsp;stan\u016f a&nbsp;5&nbsp;karavan\u016f. Kemp m\u00e1 d\u016fmysln\u00e9 z\u00e1zem\u00ed citliv\u011b um\u00edst\u011bn\u00e9 v podob\u011b d\u0159evostavby do p\u016fvodn\u00ed stodoly. K dispozici v\u00e1m jsou soci\u00e1ln\u00ed za\u0159\u00edzen\u00ed, kuchy\u0148ka se &hellip; <\/p>\n<p class=\"link-more\"><a href=\"https:\/\/www.januvdvur.cz\/index.php\/kemp\/\" class=\"more-link\">Read the full post &rarr;<span class=\"screen-reader-text\">&#8222;KEMP&#8220;<\/span><\/a><\/p>\n","protected":false},"author":1,"featured_media":0,"parent":0,"menu_order":0,"comment_status":"closed","ping_status":"closed","template":"","meta":{"footnotes":""},"class_list":["post-28","page","type-page","status-publish","hentry"],"_links":{"self":[{"href":"https:\/\/www.januvdvur.cz\/index.php\/wp-json\/wp\/v2\/pages\/28","targetHints":{"allow":["GET"]}}],"collection":[{"href":"https:\/\/www.januvdvur.cz\/index.php\/wp-json\/wp\/v2\/pages"}],"about":[{"href":"https:\/\/www.januvdvur.cz\/index.php\/wp-json\/wp\/v2\/types\/page"}],"author":[{"embeddable":true,"href":"https:\/\/www.januvdvur.cz\/index.php\/wp-json\/wp\/v2\/users\/1"}],"replies":[{"embeddable":true,"href":"https:\/\/www.januvdvur.cz\/index.php\/wp-json\/wp\/v2\/comments?post=28"}],"version-history":[{"count":71,"href":"https:\/\/www.januvdvur.cz\/index.php\/wp-json\/wp\/v2\/pages\/28\/revisions"}],"predecessor-version":[{"id":1685,"href":"https:\/\/www.januvdvur.cz\/index.php\/wp-json\/wp\/v2\/pages\/28\/revisions\/1685"}],"wp:attachment":[{"href":"https:\/\/www.januvdvur.cz\/index.php\/wp-json\/wp\/v2\/media?parent=28"}],"curies":[{"name":"wp","href":"https:\/\/api.w.org\/{rel}","templated":true}]}}